{"type":"video","version":"1.0","provider_name":"Network.hu","provider_url":"http:\/\/network.hu\/","title":"Budav\u00e1ri Palotakoncert 2015, 1. r\u00e9sz02","author_name":"ndgabici","author_url":"http:\/\/network.hu\/ndgabici","html":"&lt;object width=&quot;424&quot; height=&quot;345&quot;&gt;&lt;param name=&quot;movie&quot; value=&quot;http:\/\/operett.network.hu\/flash\/videoplayer\/video.swf?videoid=598526&amp;amp;pvol=40&amp;amp;plang=hu&amp;amp;host=http:\/\/operett.network.hu&quot; \/&gt;&lt;param name=&quot;allowscriptaccess&quot; value=&quot;always&quot; \/&gt;&lt;param name=&quot;allowfullscreen&quot; value=&quot;true&quot; \/&gt;&lt;embed src=&quot;http:\/\/operett.network.hu\/flash\/videoplayer\/video.swf?videoid=598526&amp;amp;pvol=40&amp;amp;plang=hu&amp;amp;host=http:\/\/operett.network.hu&quot; width=&quot;424&quot; height=&quot;345&quot; allowscriptaccess=&quot;always&quot; allowfullscreen=&quot;true&quot; \/&gt;&lt;\/object&gt;","width":424,"height":345,"description":"Budav\u00e1ri Palotakoncert 2015\r\n\r\nAz els\u0151 Budav\u00e1ri Palotakoncertet Nacsa Oliv\u00e9r \u00e9s Vad\u00e1sz D\u00e1niel producer-\u00f6tletgazd\u00e1k szervezt\u00e9k meg 2013-ban az Oroszl\u00e1nos udvaron azzal a c\u00e9llal, hogy min\u00e9l t\u00f6bb emberhez eljuttass\u00e1k a magyar operettet.\r\nAz id\u00e9n 100 \u00e9ves K\u00e1lm\u00e1n Imre Cs\u00e1rd\u00e1skir\u00e1lyn\u0151 c\u00edm\u0171 operettje.\r\nA palotakoncerten fell\u00e9p Fischl M\u00f3nika, Frank\u00f3 T\u00fcnde, Boncs\u00e9r Gergely, Vad\u00e1sz D\u00e1niel, Vad\u00e1sz Zsolt, Dancs Annam\u00e1ria, Oszvald Marika, V\u00e1g\u00f3 Zsuzsi, Ker\u00e9nyi Mikl\u00f3s M\u00e1t\u00e9, Peller K\u00e1roly, G\u00f6m\u00f6ri Andr\u00e1s M\u00e1t\u00e9 \u00e9s Laki P\u00e9ter.\r\nA m\u0171v\u00e9szeket a Budapesti Operettsz\u00ednh\u00e1z \u00f6tven tag\u00fa szimfonikus zenekara k\u00eds\u00e9rte, Makl\u00e1ry L\u00e1szl\u00f3 \u00e9s Szab\u00f3 M\u00f3nika dirig\u00e1l\u00e1s\u00e1ban, k\u00f6zrem\u0171k\u00f6dek a 20 f\u0151s balettkar.\r\nK\u00e1lm\u00e1n Imre f\u0151m\u0171v\u00e9nek legsikeresebb dalai mellett kev\u00e9sb\u00e9 k\u00f6zismert m\u0171veinek mel\u00f3di\u00e1i, valamint Ralph Benatzky cseh sz\u00e1rmaz\u00e1s\u00fa zeneszerz\u0151 A h\u00e1rom test\u0151r c\u00edm\u0171 m\u0171v\u00e9b\u0151l is sz\u00ednpadra ker\u00fcl t\u00f6bb r\u00e9szlet.\r\nEmellett az ismert magyar operett-komponist\u00e1k egy-egy sz\u00e1m\u00e1val is szeretn\u00e9k k\u00f6sz\u00f6nteni a Cs\u00e1rd\u00e1skir\u00e1lyn\u0151t.\r\nProducerek: Dr. Vad\u00e1sz D\u00e1niel \u00e9s Nacsa Oliv\u00e9r.\r\nRendez\u0151: Ker\u00e9nyi Mikl\u00f3s G\u00e1bor - KERO\u00ae.\r\nM\u0171sorvezet\u0151: Szul\u00e1k Andrea.\r\nForras: http:\/\/www.szinhaz.hu\/operett\/61585-a-duna-teven-lathato-az-idei-budavari-palotakoncert\r\n http:\/\/mizuscafe.hu\/az-idei-budavari-palotakoncert-fokuszaban-a-100-eves-csardaskiralyno-tundokol-majd\/","thumbnail_url":"http:\/\/vds.network.hu\/clubvideo\/5\/9\/8\/_\/598526_94870_3.jpg","thumbnail_width":80,"thumbnail_height":60,"video_id":"598526"}